{"id":377,"date":"2025-12-31T15:26:48","date_gmt":"2025-12-31T14:26:48","guid":{"rendered":"https:\/\/www.sebaldussiedlung.de\/?page_id=377"},"modified":"2025-12-31T15:29:07","modified_gmt":"2025-12-31T14:29:07","slug":"projekte-2025","status":"publish","type":"page","link":"https:\/\/www.sebaldussiedlung.de\/?page_id=377","title":{"rendered":"Projekte 2025"},"content":{"rendered":"\n<figure class=\"wp-block-image size-full\"><img loading=\"lazy\" decoding=\"async\" width=\"717\" height=\"1023\" src=\"https:\/\/www.sebaldussiedlung.de\/wp-content\/uploads\/2025-mit-Logos.jpg\" alt=\"\" class=\"wp-image-347\" srcset=\"https:\/\/www.sebaldussiedlung.de\/wp-content\/uploads\/2025-mit-Logos.jpg 717w, https:\/\/www.sebaldussiedlung.de\/wp-content\/uploads\/2025-mit-Logos-210x300.jpg 210w\" sizes=\"auto, (max-width: 717px) 100vw, 717px\" \/><\/figure>\n\n\n\n<h2 class=\"wp-block-heading alignwide has-text-align-left\"><br><strong>Am Samstag, dem 12. Juli 2025, <\/strong><br><strong>veranstaltet der B\u00fcrgerverein Sebaldussiedlung e.V. <\/strong><br><strong>mit der Unterst\u00fctzung des Stadtteilbeirates S\u00fcd <\/strong><br><strong>in der Theodor-Heuss-Anlage das 4. Stadtteilfest. <\/strong><br><strong><br>Von 15.00 \u2013 20.00 Uhr erwartet die Besucher*innen ein abwechslungsreiches Programm, vielf\u00e4ltige Mit-Mach-Angebote f\u00fcr Klein und Gro\u00df, leckeres Essen, Getr\u00e4nke und Livemusik<\/strong>.<\/h2>\n\n\n\n<h3 class=\"wp-block-heading alignwide\">Wenn sie bzgl. des Stadtteilfestes immer auf dem Laufenden bleiben wollen, <br>dann <strong>treten sie doch einfach unserer WhatsApp Community \u00fcber diesen QR Code bei.<\/strong><\/h3>\n\n\n\n<figure class=\"wp-block-image size-large is-resized\"><img loading=\"lazy\" decoding=\"async\" width=\"1024\" height=\"1024\" src=\"https:\/\/www.sebaldussiedlung.de\/wp-content\/uploads\/qr-code_wa_community_tha_fest-1024x1024.png\" alt=\"\" class=\"wp-image-210\" style=\"width:212px;height:auto\" srcset=\"https:\/\/www.sebaldussiedlung.de\/wp-content\/uploads\/qr-code_wa_community_tha_fest-1024x1024.png 1024w, https:\/\/www.sebaldussiedlung.de\/wp-content\/uploads\/qr-code_wa_community_tha_fest-300x300.png 300w, https:\/\/www.sebaldussiedlung.de\/wp-content\/uploads\/qr-code_wa_community_tha_fest-150x150.png 150w, https:\/\/www.sebaldussiedlung.de\/wp-content\/uploads\/qr-code_wa_community_tha_fest-768x768.png 768w, https:\/\/www.sebaldussiedlung.de\/wp-content\/uploads\/qr-code_wa_community_tha_fest.png 1125w\" sizes=\"auto, (max-width: 1024px) 100vw, 1024px\" \/><\/figure>\n\n\n\n<h3 class=\"wp-block-heading alignwide\"><strong>F\u00fcr Kinder und Jugendliche gibt es einen Flohmarkt von 15 bis 18 Uhr<\/strong>, <br>bei dem z.B. Spielsachen, B\u00fccher etc. verkauft werden k\u00f6nnen. <br><strong>Der Flohmarkt ist kostenlos und es ist keine Anmeldung notwendig<\/strong>. <br>Einfach eine Decke mitbringen, einen Platz suchen und los geht&#8217;s.<\/h3>\n\n\n\n<h5 class=\"wp-block-heading alignwide\"><\/h5>\n\n\n\n<h3 class=\"wp-block-heading alignwide\"><strong>F\u00fcr das leibliche Wohl sorgen von 15 bis 20 Uhr:<\/strong><\/h3>\n\n\n\n<h4 class=\"wp-block-heading\"><a href=\"https:\/\/www.gasthof-guethlein.de\/metzgerei\/\" data-type=\"link\" data-id=\"https:\/\/www.gasthof-guethlein.de\/metzgerei\/\" target=\"_blank\" rel=\"noreferrer noopener\">Metzgerei G\u00fcthlein<\/a> (Fr\u00e4nkisches vom Grill)<br><br><a href=\"https:\/\/www.instagram.com\/fanos_eiscafe\/\" data-type=\"link\" data-id=\"https:\/\/www.werkenntdenbesten.de\/e\/112724265\/eiscafe\/erlangen\/fanos-eiscafe-bewertungen.html\" target=\"_blank\" rel=\"noreferrer noopener\">Fanos Eis<\/a> (Eis &amp; Waffeln &amp; Zuckerwatte)<br><br><a href=\"https:\/\/www.youtube.com\/@Aadhyan143\/videos\" data-type=\"link\" data-id=\"https:\/\/www.youtube.com\/@Aadhyan143\/videos\" target=\"_blank\" rel=\"noreferrer noopener\">Aadhyan&#8217;s kitchen<\/a> (Indisches Spezialit\u00e4ten)<\/h4>\n\n\n\n<h4 class=\"wp-block-heading\"><a href=\"https:\/\/www.der-beck.de\/\" data-type=\"link\" data-id=\"https:\/\/www.der-beck.de\/\" target=\"_blank\" rel=\"noreferrer noopener\">Der Beck<\/a><\/h4>\n\n\n\n<h3 class=\"wp-block-heading alignwide\"><br><strong>F\u00fcr musikalische Unterhaltung sorgt von 17 bis 20 Uhr die Band Grammy Smith. <br><\/strong><\/h3>\n\n\n\n<h3 class=\"wp-block-heading alignwide\"><strong>Folgende Akteure haben ihre Teilnahme zugesagt und sind von 15 bis 18 Uhr vor Ort:<\/strong><\/h3>\n\n\n\n<h4 class=\"wp-block-heading\"><a href=\"https:\/\/www.asb-erlangen.de\/unsere-angebote1\/kleiderkaffee\" target=\"_blank\" rel=\"noreferrer noopener\">ASB KleiderKaffee<\/a>: <br>Infostand &amp; Gl\u00fccksrad<br><br><a href=\"https:\/\/www.sebaldussiedlung.de\/\" target=\"_blank\" rel=\"noreferrer noopener\">B\u00fcrgerverein Sebaldussiedlung e.V.<\/a>: <br>Infostand, Feedback zum Fest, wer m\u00f6chte gerne beim n\u00e4chsten Fest mit gestalten?<br><br><a href=\"http:\/\/dcbkv.de\/\" target=\"_blank\" rel=\"noreferrer noopener\">Deutsch-Chinesische Bildung und Kulturverein e.V<\/a>.: <br>Kalligrafie<br><br><a href=\"https:\/\/impro-faa.de\/\" data-type=\"link\" data-id=\"https:\/\/impro-faa.de\/\" target=\"_blank\" rel=\"noreferrer noopener\">FAUst auf Auge<\/a>: <br>Improvisationstheater<br><br><a href=\"https:\/\/www.fsv-en.de\/\" target=\"_blank\" rel=\"noreferrer noopener\">FEN (Flugsportverein Erlangen-N\u00fcrnberg)<\/a>: <br>Infostand zum Segelfliegen am Hetzles, Segelflugzeug vor Ort, Flugsimulator<br><br><a href=\"http:\/\/www.ops-e.de\/\" target=\"_blank\" rel=\"noreferrer noopener\">Otfried-Preu\u00dfler-Schule<\/a>: <br>Infostand, Quiz, Flyer zur Schule, Fr\u00fchst\u00fcckshelfer gesucht<br><br><a href=\"https:\/\/www.malteser.de\/standorte\/erlangen\/dienstleistungen\/senioren-nachbarschaftsbuero.html\" target=\"_blank\" rel=\"noreferrer noopener\">Senioren Nachbarschaftsb\u00fcro der Malteser<\/a>: <br>Informationsstand &amp; Boccia spielen<br><br><a href=\"https:\/\/www.sparkasse.de\/standorte\/filialen\/stadt-und-kreissparkasse-erlangen-hoechstadt-herzogenaurach-geschaeftsstelle-liegnitzer-strasse-35979\" target=\"_blank\" rel=\"noreferrer noopener\">Sparkasse<\/a>: <br>Wurfwand und Gl\u00fccksrad<br><br><a href=\"https:\/\/erlangen.de\/amt\/37722\" target=\"_blank\" rel=\"noreferrer noopener\">Stadt Erlangen &#8211; Amt f\u00fcr Sport und Gesundheitsf\u00f6rderung<\/a>: <br>Erlangen bewegt! &#8211; kostenloses Sport-\/Bewegungsprogramm<br><br><a href=\"https:\/\/erlangen.de\/amt\/37722\" target=\"_blank\" rel=\"noreferrer noopener\">Stadt Erlangen &#8211; Ausl\u00e4nder- und integrationsbeirat<\/a>: <br>Informationsstand<br><br><a href=\"https:\/\/sebald-erlangen.kirche-bamberg.de\/jugend\/jugend-aktionen\" target=\"_blank\" rel=\"noreferrer noopener\">St. Sebald Jugend<\/a>: <br>Kleinere Spiel &amp; Spa\u00df Aktionen mit Kindern und Jugendlichen. <br>Information zu Aktionen der Jugend St. Sebald<br><br><a href=\"https:\/\/www.stadtteilbeirat-sued.de\/\" target=\"_blank\" rel=\"noreferrer noopener\">Stadteilbeirat S\u00fcd<\/a>: <br>Infostand<br><br><a href=\"https:\/\/stecker-solaer.de\/\" target=\"_blank\" rel=\"noreferrer noopener\">Stecker-Sol\u00c6R<\/a>: <br>Beratung und Vorf\u00fchrung zu Steckersolarger\u00e4ten\/Balkonkraftwerken mit und ohne Speicher, B\u00fcrgersolarberatung, Elektromobilit\u00e4t<br><br><a href=\"https:\/\/mobidig-erlangen.de\/\" data-type=\"link\" data-id=\"https:\/\/mobidig-erlangen.de\/\" target=\"_blank\" rel=\"noreferrer noopener\">TechNat e.V. &#8211; mobile Digitalwerkstatt: <\/a><br>Offenes Angebot der MobiDig (Mobile Digitalwerkstatt) f\u00fcr Klein und Gro\u00df<br><br><a href=\"https:\/\/www.thomasgemeinde-erlangen.de\/\" target=\"_blank\" rel=\"noreferrer noopener\">Thomasgemeinde<\/a>: <br>Kaffee + Begegnung, Windr\u00e4dchen basteln f\u00fcr Kinder<br><br><a href=\"https:\/\/www.thomasgemeinde-erlangen.de\/\" target=\"_blank\" rel=\"noreferrer noopener\">Thomizil<\/a>: <br>Angebot f\u00fcr Kinder, Aktionsstand: bemalen von Holzkreiseln\/Holzscheiben<br><br><a href=\"http:\/\/www.zauberkunst-carlos.de\/\" data-type=\"link\" data-id=\"http:\/\/www.zauberkunst-carlos.de\/\" target=\"_blank\" rel=\"noreferrer noopener\">Zauber Carlos<\/a>: <br>Zaubershow von und mit Hr. Z\u00fcndt<br><br><br><\/h4>\n\n\n\n<h3 class=\"wp-block-heading alignwide has-text-align-left\"><strong>Wenn sie uns gerne tatkr\u00e4ftig unterst\u00fctzen wollen<\/strong>, <br>dann <a href=\"mailto:tha-fest@sebaldussiedlung.de?subject=Unterst\u00fctzer\" data-type=\"mailto\" data-id=\"mailto:tha-fest@sebaldussiedlung.de?subject=Unterst\u00fctzer\">melden sie sich bitte per email bei uns<\/a>.<br><\/h3>\n\n\n\n<h3 class=\"wp-block-heading alignwide\"><strong>Nur durch die gro\u00dfz\u00fcgige Unterst\u00fctzung unserer Sponsoren kann das Fest  stattfinden:<\/strong><\/h3>\n\n\n\n<figure class=\"wp-block-image size-full\"><img loading=\"lazy\" decoding=\"async\" width=\"250\" height=\"162\" src=\"https:\/\/www.sebaldussiedlung.de\/wp-content\/uploads\/Buergerstiftung-logo.jpg\" alt=\"\" class=\"wp-image-349\"\/><\/figure>\n\n\n\n<figure class=\"wp-block-image size-full is-resized\"><img loading=\"lazy\" decoding=\"async\" width=\"2241\" height=\"609\" src=\"https:\/\/www.sebaldussiedlung.de\/wp-content\/uploads\/POSITIV_STER_Logo_Kulturfirderung.jpg\" alt=\"\" class=\"wp-image-287\" style=\"width:357px;height:auto\" srcset=\"https:\/\/www.sebaldussiedlung.de\/wp-content\/uploads\/POSITIV_STER_Logo_Kulturfirderung.jpg 2241w, https:\/\/www.sebaldussiedlung.de\/wp-content\/uploads\/POSITIV_STER_Logo_Kulturfirderung-300x82.jpg 300w, https:\/\/www.sebaldussiedlung.de\/wp-content\/uploads\/POSITIV_STER_Logo_Kulturfirderung-1024x278.jpg 1024w, https:\/\/www.sebaldussiedlung.de\/wp-content\/uploads\/POSITIV_STER_Logo_Kulturfirderung-768x209.jpg 768w, https:\/\/www.sebaldussiedlung.de\/wp-content\/uploads\/POSITIV_STER_Logo_Kulturfirderung-1536x417.jpg 1536w, https:\/\/www.sebaldussiedlung.de\/wp-content\/uploads\/POSITIV_STER_Logo_Kulturfirderung-2048x557.jpg 2048w\" sizes=\"auto, (max-width: 2241px) 100vw, 2241px\" \/><\/figure>\n\n\n\n<figure class=\"wp-block-image size-full is-resized\"><img loading=\"lazy\" decoding=\"async\" width=\"557\" height=\"223\" src=\"https:\/\/www.sebaldussiedlung.de\/wp-content\/uploads\/Stadtteilbeirat-Sued.jpg\" alt=\"\" class=\"wp-image-351\" style=\"width:350px;height:auto\" srcset=\"https:\/\/www.sebaldussiedlung.de\/wp-content\/uploads\/Stadtteilbeirat-Sued.jpg 557w, https:\/\/www.sebaldussiedlung.de\/wp-content\/uploads\/Stadtteilbeirat-Sued-300x120.jpg 300w\" sizes=\"auto, (max-width: 557px) 100vw, 557px\" \/><\/figure>\n\n\n\n<figure class=\"wp-block-image size-large is-resized\"><img loading=\"lazy\" decoding=\"async\" width=\"1024\" height=\"322\" src=\"https:\/\/www.sebaldussiedlung.de\/wp-content\/uploads\/Logo_S_Spk_weiss_HG_rot_RGB-1024x322.jpg\" alt=\"\" class=\"wp-image-249\" style=\"width:359px;height:auto\" srcset=\"https:\/\/www.sebaldussiedlung.de\/wp-content\/uploads\/Logo_S_Spk_weiss_HG_rot_RGB-1024x322.jpg 1024w, https:\/\/www.sebaldussiedlung.de\/wp-content\/uploads\/Logo_S_Spk_weiss_HG_rot_RGB-300x94.jpg 300w, https:\/\/www.sebaldussiedlung.de\/wp-content\/uploads\/Logo_S_Spk_weiss_HG_rot_RGB-768x241.jpg 768w, https:\/\/www.sebaldussiedlung.de\/wp-content\/uploads\/Logo_S_Spk_weiss_HG_rot_RGB-1536x483.jpg 1536w, https:\/\/www.sebaldussiedlung.de\/wp-content\/uploads\/Logo_S_Spk_weiss_HG_rot_RGB-2048x644.jpg 2048w\" sizes=\"auto, (max-width: 1024px) 100vw, 1024px\" \/><\/figure>\n\n\n\n<p><\/p>\n","protected":false},"excerpt":{"rendered":"<p>Am Samstag, dem 12. Juli 2025, veranstaltet der B\u00fcrgerverein Sebaldussiedlung e.V. mit der Unterst\u00fctzung des Stadtteilbeirates S\u00fcd in der Theodor-Heuss-Anlage das 4. Stadtteilfest. Von 15.00 \u2013 20.00 Uhr erwartet die Besucher*innen ein abwechslungsreiches Programm, vielf\u00e4ltige Mit-Mach-Angebote f\u00fcr Klein und Gro\u00df, leckeres Essen, Getr\u00e4nke und Livemusik. Wenn sie bzgl. des Stadtteilfestes immer auf dem Laufenden bleiben [&hellip;]<\/p>\n","protected":false},"author":1,"featured_media":0,"parent":0,"menu_order":0,"comment_status":"closed","ping_status":"closed","template":"","meta":{"site-sidebar-layout":"default","site-content-layout":"","ast-site-content-layout":"default","site-content-style":"default","site-sidebar-style":"default","ast-global-header-display":"","ast-banner-title-visibility":"","ast-main-header-display":"","ast-hfb-above-header-display":"","ast-hfb-below-header-display":"","ast-hfb-mobile-header-display":"","site-post-title":"","ast-breadcrumbs-content":"","ast-featured-img":"","footer-sml-layout":"","ast-disable-related-posts":"","theme-transparent-header-meta":"","adv-header-id-meta":"","stick-header-meta":"","header-above-stick-meta":"","header-main-stick-meta":"","header-below-stick-meta":"","astra-migrate-meta-layouts":"set","ast-page-background-enabled":"default","ast-page-background-meta":{"desktop":{"background-color":"var(--ast-global-color-4)","background-image":"","background-repeat":"repeat","background-position":"center center","background-size":"auto","background-attachment":"scroll","background-type":"","background-media":"","overlay-type":"","overlay-color":"","overlay-opacity":"","overlay-gradient":""},"tablet":{"background-color":"","background-image":"","background-repeat":"repeat","background-position":"center center","background-size":"auto","background-attachment":"scroll","background-type":"","background-media":"","overlay-type":"","overlay-color":"","overlay-opacity":"","overlay-gradient":""},"mobile":{"background-color":"","background-image":"","background-repeat":"repeat","background-position":"center center","background-size":"auto","background-attachment":"scroll","background-type":"","background-media":"","overlay-type":"","overlay-color":"","overlay-opacity":"","overlay-gradient":""}},"ast-content-background-meta":{"desktop":{"background-color":"var(--ast-global-color-5)","background-image":"","background-repeat":"repeat","background-position":"center center","background-size":"auto","background-attachment":"scroll","background-type":"","background-media":"","overlay-type":"","overlay-color":"","overlay-opacity":"","overlay-gradient":""},"tablet":{"background-color":"var(--ast-global-color-5)","background-image":"","background-repeat":"repeat","background-position":"center center","background-size":"auto","background-attachment":"scroll","background-type":"","background-media":"","overlay-type":"","overlay-color":"","overlay-opacity":"","overlay-gradient":""},"mobile":{"background-color":"var(--ast-global-color-5)","background-image":"","background-repeat":"repeat","background-position":"center center","background-size":"auto","background-attachment":"scroll","background-type":"","background-media":"","overlay-type":"","overlay-color":"","overlay-opacity":"","overlay-gradient":""}},"footnotes":""},"class_list":["post-377","page","type-page","status-publish","hentry"],"_links":{"self":[{"href":"https:\/\/www.sebaldussiedlung.de\/index.php?rest_route=\/wp\/v2\/pages\/377","targetHints":{"allow":["GET"]}}],"collection":[{"href":"https:\/\/www.sebaldussiedlung.de\/index.php?rest_route=\/wp\/v2\/pages"}],"about":[{"href":"https:\/\/www.sebaldussiedlung.de\/index.php?rest_route=\/wp\/v2\/types\/page"}],"author":[{"embeddable":true,"href":"https:\/\/www.sebaldussiedlung.de\/index.php?rest_route=\/wp\/v2\/users\/1"}],"replies":[{"embeddable":true,"href":"https:\/\/www.sebaldussiedlung.de\/index.php?rest_route=%2Fwp%2Fv2%2Fcomments&post=377"}],"version-history":[{"count":2,"href":"https:\/\/www.sebaldussiedlung.de\/index.php?rest_route=\/wp\/v2\/pages\/377\/revisions"}],"predecessor-version":[{"id":380,"href":"https:\/\/www.sebaldussiedlung.de\/index.php?rest_route=\/wp\/v2\/pages\/377\/revisions\/380"}],"wp:attachment":[{"href":"https:\/\/www.sebaldussiedlung.de\/index.php?rest_route=%2Fwp%2Fv2%2Fmedia&parent=377"}],"curies":[{"name":"wp","href":"https:\/\/api.w.org\/{rel}","templated":true}]}}